{"id":11379,"date":"2016-06-07T10:45:05","date_gmt":"2016-06-07T10:45:05","guid":{"rendered":"https:\/\/medicalineapharm.rs\/blog-post-2\/"},"modified":"2021-04-20T21:08:52","modified_gmt":"2021-04-20T19:08:52","slug":"vesti","status":"publish","type":"page","link":"https:\/\/medicalineapharm.rs\/sr\/vesti\/","title":{"rendered":"Vesti"},"content":{"rendered":"<p>[vc_row content_width=&#8220;grid&#8220; css=&#8220;.vc_custom_1466150342992{padding-top: 130px !important;padding-bottom: 110px !important;}&#8220;][vc_column]<div class=\"eltd-blog-list-holder eltd-blog-standard eltd-three-columns\">\n\n\t<ul class=\"eltd-blog-list\">\n\n\t<li class=\"eltd-blog-list-item clearfix\">\n\n\t\t\t\t\t<div class=\"eltd-item-image\">\n\n\t\t\t\t<a href=\"https:\/\/medicalineapharm.rs\/sr\/obavestenje-promena-lokacije-magacina\/\">\n\t\t\t\t\t<img fetchpriority=\"high\" decoding=\"async\" width=\"2560\" height=\"1707\" src=\"https:\/\/medicalineapharm.rs\/wp-content\/uploads\/2024\/01\/pexels-lara-jameson-8828584-scaled.jpg\" class=\"attachment-full size-full wp-post-image\" alt=\"\" srcset=\"https:\/\/medicalineapharm.rs\/wp-content\/uploads\/2024\/01\/pexels-lara-jameson-8828584-scaled.jpg 2560w, https:\/\/medicalineapharm.rs\/wp-content\/uploads\/2024\/01\/pexels-lara-jameson-8828584-300x200.jpg 300w, https:\/\/medicalineapharm.rs\/wp-content\/uploads\/2024\/01\/pexels-lara-jameson-8828584-1024x683.jpg 1024w, https:\/\/medicalineapharm.rs\/wp-content\/uploads\/2024\/01\/pexels-lara-jameson-8828584-768x512.jpg 768w, https:\/\/medicalineapharm.rs\/wp-content\/uploads\/2024\/01\/pexels-lara-jameson-8828584-1536x1024.jpg 1536w\" sizes=\"(max-width: 2560px) 100vw, 2560px\" \/>\t\t\t\t<\/a>\n\n\t\t\t<\/div>\n\t\t\n\t\t<div class=\"eltd-item-text-holder\">\n\n\t\t\t<div class=\"eltd-item-info-section eltd-small-info-section\">\n\t\t\t\t<div class=\"eltd-post-info-date\">\n\t<span aria-hidden=\"true\" class=\"icon_calendar eltd-blog-icon\"><\/span>\n\t16. \u0458\u0430\u043d\u0443\u0430\u0440 2024.<\/div><div class=\"eltd-post-info-category\">\n\t\n\t\t<a class=\"eltd-category-icon\" href=\"https:\/\/medicalineapharm.rs\/sr\/category\/news-sr\/\"><\/a>\t\t<a href=\"https:\/\/medicalineapharm.rs\/sr\/category\/news-sr\/\">\n\t\t\t<span>\n\t\t\t\tNews\t\t\t<\/span>\n\t\t<\/a>\n\n\t<\/div>\t\t\t<\/div>\n\n\t\t\t<h2 class=\"eltd-item-title\">\n\t\t\t\t<a href=\"https:\/\/medicalineapharm.rs\/sr\/obavestenje-promena-lokacije-magacina\/\" >\n\t\t\t\t\tOBAVE\u0160TENJE &#8211; PROMENA LOKACIJE MAGACINA\t\t\t\t<\/a>\n\t\t\t<\/h2>\n\n\t\t\t\t\t\t\t<p class=\"eltd-excerpt\">Po\u0161tovani, Obave\u0161tavamo Vas da je do\u0161lo do promene lokacije na\u0161eg glavnog magacina. Nova adresa: RADAVA\u010cKA 28, Novi Beograd Promenom ...<\/p>\n\t\t\t\n\t\t\t<div class=\"eltd-item-info-section eltd-small-info-section\">\n\t\t\t\t<div class=\"eltd-post-info-comments-holder\">\n\t<span aria-hidden=\"true\" class=\"icon_comment_alt eltd-blog-icon\"><\/span>\n\t<a class=\"eltd-post-info-comments\" href=\"https:\/\/medicalineapharm.rs\/sr\/obavestenje-promena-lokacije-magacina\/#respond\" target=\"_self\">\n\t\t0 Comments\t<\/a>\n<\/div>\t\t\t<\/div>\n\n\t<\/div>\n<\/li><li class=\"eltd-blog-list-item clearfix\">\n\n\t\t\t\t\t<div class=\"eltd-item-image\">\n\n\t\t\t\t<a href=\"https:\/\/medicalineapharm.rs\/sr\/obavestenje-promena-sedista\/\">\n\t\t\t\t\t<img decoding=\"async\" width=\"1200\" height=\"800\" src=\"https:\/\/medicalineapharm.rs\/wp-content\/uploads\/2021\/06\/Lokacija-MLP.jpg\" class=\"attachment-full size-full wp-post-image\" alt=\"\" srcset=\"https:\/\/medicalineapharm.rs\/wp-content\/uploads\/2021\/06\/Lokacija-MLP.jpg 1200w, https:\/\/medicalineapharm.rs\/wp-content\/uploads\/2021\/06\/Lokacija-MLP-300x200.jpg 300w, https:\/\/medicalineapharm.rs\/wp-content\/uploads\/2021\/06\/Lokacija-MLP-1024x683.jpg 1024w, https:\/\/medicalineapharm.rs\/wp-content\/uploads\/2021\/06\/Lokacija-MLP-768x512.jpg 768w\" sizes=\"(max-width: 1200px) 100vw, 1200px\" \/>\t\t\t\t<\/a>\n\n\t\t\t<\/div>\n\t\t\n\t\t<div class=\"eltd-item-text-holder\">\n\n\t\t\t<div class=\"eltd-item-info-section eltd-small-info-section\">\n\t\t\t\t<div class=\"eltd-post-info-date\">\n\t<span aria-hidden=\"true\" class=\"icon_calendar eltd-blog-icon\"><\/span>\n\t10. \u0458\u0443\u043d 2021.<\/div><div class=\"eltd-post-info-category\">\n\t\n\t\t<a class=\"eltd-category-icon\" href=\"https:\/\/medicalineapharm.rs\/sr\/category\/news-sr\/\"><\/a>\t\t<a href=\"https:\/\/medicalineapharm.rs\/sr\/category\/news-sr\/\">\n\t\t\t<span>\n\t\t\t\tNews\t\t\t<\/span>\n\t\t<\/a>\n\n\t<\/div>\t\t\t<\/div>\n\n\t\t\t<h2 class=\"eltd-item-title\">\n\t\t\t\t<a href=\"https:\/\/medicalineapharm.rs\/sr\/obavestenje-promena-sedista\/\" >\n\t\t\t\t\tOBAVE\u0160TENJE &#8211; PROMENA SEDI\u0160TA\t\t\t\t<\/a>\n\t\t\t<\/h2>\n\n\t\t\t\t\t\t\t<p class=\"eltd-excerpt\">Po\u0161tovani, Obave\u0161tavamo Vas da je do\u0161lo do promene adrese sedi\u0161ta na kojoj se nalazi MEDICA LINEA PHARM PRIVREDNO DRU\u0160TVO ZA PROMET I...<\/p>\n\t\t\t\n\t\t\t<div class=\"eltd-item-info-section eltd-small-info-section\">\n\t\t\t\t<div class=\"eltd-post-info-comments-holder\">\n\t<span aria-hidden=\"true\" class=\"icon_comment_alt eltd-blog-icon\"><\/span>\n\t<a class=\"eltd-post-info-comments\" href=\"https:\/\/medicalineapharm.rs\/sr\/obavestenje-promena-sedista\/#respond\" target=\"_self\">\n\t\t0 Comments\t<\/a>\n<\/div>\t\t\t<\/div>\n\n\t<\/div>\n<\/li><li class=\"eltd-blog-list-item clearfix\">\n\n\t\t\t\t\t<div class=\"eltd-item-image\">\n\n\t\t\t\t<a href=\"https:\/\/medicalineapharm.rs\/sr\/podrska-pacijentima-sa-reumatoidnim-artritisom-u-saradnji-sa-insititutom-za-reumatologiju-srbije-irs-za-vreme-pandemije-uzrokovane-covid-19-virusom\/\">\n\t\t\t\t\t<img decoding=\"async\" width=\"1200\" height=\"800\" src=\"https:\/\/medicalineapharm.rs\/wp-content\/uploads\/2021\/03\/Podr\u0161ka-pacijentima-sa-reumatoidnim-artritisom.jpg\" class=\"attachment-full size-full wp-post-image\" alt=\"Reumatoidni artritis\" srcset=\"https:\/\/medicalineapharm.rs\/wp-content\/uploads\/2021\/03\/Podr\u0161ka-pacijentima-sa-reumatoidnim-artritisom.jpg 1200w, https:\/\/medicalineapharm.rs\/wp-content\/uploads\/2021\/03\/Podr\u0161ka-pacijentima-sa-reumatoidnim-artritisom-300x200.jpg 300w, https:\/\/medicalineapharm.rs\/wp-content\/uploads\/2021\/03\/Podr\u0161ka-pacijentima-sa-reumatoidnim-artritisom-1024x683.jpg 1024w, https:\/\/medicalineapharm.rs\/wp-content\/uploads\/2021\/03\/Podr\u0161ka-pacijentima-sa-reumatoidnim-artritisom-768x512.jpg 768w\" sizes=\"(max-width: 1200px) 100vw, 1200px\" \/>\t\t\t\t<\/a>\n\n\t\t\t<\/div>\n\t\t\n\t\t<div class=\"eltd-item-text-holder\">\n\n\t\t\t<div class=\"eltd-item-info-section eltd-small-info-section\">\n\t\t\t\t<div class=\"eltd-post-info-date\">\n\t<span aria-hidden=\"true\" class=\"icon_calendar eltd-blog-icon\"><\/span>\n\t22. \u043c\u0430\u0440\u0442 2021.<\/div><div class=\"eltd-post-info-category\">\n\t\n\t\t<a class=\"eltd-category-icon\" href=\"https:\/\/medicalineapharm.rs\/sr\/category\/news-sr\/\"><\/a>\t\t<a href=\"https:\/\/medicalineapharm.rs\/sr\/category\/news-sr\/\">\n\t\t\t<span>\n\t\t\t\tNews\t\t\t<\/span>\n\t\t<\/a>\n\n\t<\/div>\t\t\t<\/div>\n\n\t\t\t<h2 class=\"eltd-item-title\">\n\t\t\t\t<a href=\"https:\/\/medicalineapharm.rs\/sr\/podrska-pacijentima-sa-reumatoidnim-artritisom-u-saradnji-sa-insititutom-za-reumatologiju-srbije-irs-za-vreme-pandemije-uzrokovane-covid-19-virusom\/\" >\n\t\t\t\t\tPodr\u0161ka pacijentima sa reumatoidnim artritisom\t\t\t\t<\/a>\n\t\t\t<\/h2>\n\n\t\t\t\t\t\t\t<p class=\"eltd-excerpt\">Podr\u0161ka pacijentima sa reumatoidnim artritisom u saradnji sa Insititutom za Reumatologiju Srbije (\u201eIRS\u201c) za vreme pandemije uzrokovan...<\/p>\n\t\t\t\n\t\t\t<div class=\"eltd-item-info-section eltd-small-info-section\">\n\t\t\t\t<div class=\"eltd-post-info-comments-holder\">\n\t<span aria-hidden=\"true\" class=\"icon_comment_alt eltd-blog-icon\"><\/span>\n\t<a class=\"eltd-post-info-comments\" href=\"https:\/\/medicalineapharm.rs\/sr\/podrska-pacijentima-sa-reumatoidnim-artritisom-u-saradnji-sa-insititutom-za-reumatologiju-srbije-irs-za-vreme-pandemije-uzrokovane-covid-19-virusom\/#respond\" target=\"_self\">\n\t\t0 Comments\t<\/a>\n<\/div>\t\t\t<\/div>\n\n\t<\/div>\n<\/li>\n\t<\/ul>\n\n<\/div>\n[\/vc_column][\/vc_row]<\/p>\n","protected":false},"excerpt":{"rendered":"<p>[vc_row content_width=&#8220;grid&#8220; css=&#8220;.vc_custom_1466150342992{padding-top: 130px !important;padding-bottom: 110px !important;}&#8220;][vc_column][\/vc_column][\/vc_row]<\/p>\n","protected":false},"author":4,"featured_media":0,"parent":0,"menu_order":0,"comment_status":"closed","ping_status":"closed","template":"full-width.php","meta":{"footnotes":""},"class_list":["post-11379","page","type-page","status-publish","hentry"],"yoast_head":"<!-- This site is optimized with the Yoast SEO plugin v24.2 - https:\/\/yoast.com\/wordpress\/plugins\/seo\/ -->\n<title>Vesti - Medica Linea Pharm<\/title>\n<meta name=\"description\" content=\"Medica Linea Pharm se bavi distribucijom, prodajom i promocijom medicinskih sredstava i ure\u0111aja, kao i farmaceutskih i kozmeti\u010dkih proizvoda u Srbiji.\" \/>\n<meta name=\"robots\" content=\"index, follow, max-snippet:-1, max-image-preview:large, max-video-preview:-1\" \/>\n<link rel=\"canonical\" href=\"https:\/\/medicalineapharm.rs\/sr\/vesti\/\" \/>\n<meta property=\"og:locale\" content=\"sr_RS\" \/>\n<meta property=\"og:type\" content=\"article\" \/>\n<meta property=\"og:title\" content=\"Vesti - Medica Linea Pharm\" \/>\n<meta property=\"og:description\" content=\"Medica Linea Pharm se bavi distribucijom, prodajom i promocijom medicinskih sredstava i ure\u0111aja, kao i farmaceutskih i kozmeti\u010dkih proizvoda u Srbiji.\" \/>\n<meta property=\"og:url\" content=\"https:\/\/medicalineapharm.rs\/sr\/vesti\/\" \/>\n<meta property=\"og:site_name\" content=\"Medica Linea Pharm\" \/>\n<meta property=\"article:modified_time\" content=\"2021-04-20T19:08:52+00:00\" \/>\n<meta property=\"og:image\" content=\"https:\/\/medicalineapharm.rs\/wp-content\/uploads\/2021\/03\/Podr\u0161ka-pacijentima-sa-reumatoidnim-artritisom.jpg\" \/>\n\t<meta property=\"og:image:width\" content=\"1200\" \/>\n\t<meta property=\"og:image:height\" content=\"800\" \/>\n\t<meta property=\"og:image:type\" content=\"image\/jpeg\" \/>\n<meta name=\"twitter:card\" content=\"summary_large_image\" \/>\n<meta name=\"twitter:label1\" content=\"\u041f\u0440\u043e\u0446\u0435\u045a\u0435\u043d\u043e \u0432\u0440\u0435\u043c\u0435 \u0447\u0438\u0442\u0430\u045a\u0430\" \/>\n\t<meta name=\"twitter:data1\" content=\"1 \u043c\u0438\u043d\u0443\u0442\" \/>\n<script type=\"application\/ld+json\" class=\"yoast-schema-graph\">{\"@context\":\"https:\/\/schema.org\",\"@graph\":[{\"@type\":\"WebPage\",\"@id\":\"https:\/\/medicalineapharm.rs\/sr\/vesti\/\",\"url\":\"https:\/\/medicalineapharm.rs\/sr\/vesti\/\",\"name\":\"Vesti - Medica Linea Pharm\",\"isPartOf\":{\"@id\":\"https:\/\/medicalineapharm.rs\/sr\/#website\"},\"datePublished\":\"2016-06-07T10:45:05+00:00\",\"dateModified\":\"2021-04-20T19:08:52+00:00\",\"description\":\"Medica Linea Pharm se bavi distribucijom, prodajom i promocijom medicinskih sredstava i ure\u0111aja, kao i farmaceutskih i kozmeti\u010dkih proizvoda u Srbiji.\",\"breadcrumb\":{\"@id\":\"https:\/\/medicalineapharm.rs\/sr\/vesti\/#breadcrumb\"},\"inLanguage\":\"sr-RS\",\"potentialAction\":[{\"@type\":\"ReadAction\",\"target\":[\"https:\/\/medicalineapharm.rs\/sr\/vesti\/\"]}]},{\"@type\":\"BreadcrumbList\",\"@id\":\"https:\/\/medicalineapharm.rs\/sr\/vesti\/#breadcrumb\",\"itemListElement\":[{\"@type\":\"ListItem\",\"position\":1,\"name\":\"Home\",\"item\":\"https:\/\/medicalineapharm.rs\/sr\/?lang=sr\"},{\"@type\":\"ListItem\",\"position\":2,\"name\":\"Vesti\"}]},{\"@type\":\"WebSite\",\"@id\":\"https:\/\/medicalineapharm.rs\/sr\/#website\",\"url\":\"https:\/\/medicalineapharm.rs\/sr\/\",\"name\":\"Medica Linea Pharm\",\"description\":\"Belgrade\",\"publisher\":{\"@id\":\"https:\/\/medicalineapharm.rs\/sr\/#organization\"},\"potentialAction\":[{\"@type\":\"SearchAction\",\"target\":{\"@type\":\"EntryPoint\",\"urlTemplate\":\"https:\/\/medicalineapharm.rs\/sr\/?s={search_term_string}\"},\"query-input\":{\"@type\":\"PropertyValueSpecification\",\"valueRequired\":true,\"valueName\":\"search_term_string\"}}],\"inLanguage\":\"sr-RS\"},{\"@type\":\"Organization\",\"@id\":\"https:\/\/medicalineapharm.rs\/sr\/#organization\",\"name\":\"Medica Linea Pharm\",\"url\":\"https:\/\/medicalineapharm.rs\/sr\/\",\"logo\":{\"@type\":\"ImageObject\",\"inLanguage\":\"sr-RS\",\"@id\":\"https:\/\/medicalineapharm.rs\/sr\/#\/schema\/logo\/image\/\",\"url\":\"https:\/\/medicalineapharm.rs\/wp-content\/uploads\/2024\/08\/ML_LOGO.png\",\"contentUrl\":\"https:\/\/medicalineapharm.rs\/wp-content\/uploads\/2024\/08\/ML_LOGO.png\",\"width\":255,\"height\":66,\"caption\":\"Medica Linea Pharm\"},\"image\":{\"@id\":\"https:\/\/medicalineapharm.rs\/sr\/#\/schema\/logo\/image\/\"}}]}<\/script>\n<!-- \/ Yoast SEO plugin. -->","yoast_head_json":{"title":"Vesti - Medica Linea Pharm","description":"Medica Linea Pharm se bavi distribucijom, prodajom i promocijom medicinskih sredstava i ure\u0111aja, kao i farmaceutskih i kozmeti\u010dkih proizvoda u Srbiji.","robots":{"index":"index","follow":"follow","max-snippet":"max-snippet:-1","max-image-preview":"max-image-preview:large","max-video-preview":"max-video-preview:-1"},"canonical":"https:\/\/medicalineapharm.rs\/sr\/vesti\/","og_locale":"sr_RS","og_type":"article","og_title":"Vesti - Medica Linea Pharm","og_description":"Medica Linea Pharm se bavi distribucijom, prodajom i promocijom medicinskih sredstava i ure\u0111aja, kao i farmaceutskih i kozmeti\u010dkih proizvoda u Srbiji.","og_url":"https:\/\/medicalineapharm.rs\/sr\/vesti\/","og_site_name":"Medica Linea Pharm","article_modified_time":"2021-04-20T19:08:52+00:00","og_image":[{"width":1200,"height":800,"url":"https:\/\/medicalineapharm.rs\/wp-content\/uploads\/2021\/03\/Podr\u0161ka-pacijentima-sa-reumatoidnim-artritisom.jpg","type":"image\/jpeg"}],"twitter_card":"summary_large_image","twitter_misc":{"\u041f\u0440\u043e\u0446\u0435\u045a\u0435\u043d\u043e \u0432\u0440\u0435\u043c\u0435 \u0447\u0438\u0442\u0430\u045a\u0430":"1 \u043c\u0438\u043d\u0443\u0442"},"schema":{"@context":"https:\/\/schema.org","@graph":[{"@type":"WebPage","@id":"https:\/\/medicalineapharm.rs\/sr\/vesti\/","url":"https:\/\/medicalineapharm.rs\/sr\/vesti\/","name":"Vesti - Medica Linea Pharm","isPartOf":{"@id":"https:\/\/medicalineapharm.rs\/sr\/#website"},"datePublished":"2016-06-07T10:45:05+00:00","dateModified":"2021-04-20T19:08:52+00:00","description":"Medica Linea Pharm se bavi distribucijom, prodajom i promocijom medicinskih sredstava i ure\u0111aja, kao i farmaceutskih i kozmeti\u010dkih proizvoda u Srbiji.","breadcrumb":{"@id":"https:\/\/medicalineapharm.rs\/sr\/vesti\/#breadcrumb"},"inLanguage":"sr-RS","potentialAction":[{"@type":"ReadAction","target":["https:\/\/medicalineapharm.rs\/sr\/vesti\/"]}]},{"@type":"BreadcrumbList","@id":"https:\/\/medicalineapharm.rs\/sr\/vesti\/#breadcrumb","itemListElement":[{"@type":"ListItem","position":1,"name":"Home","item":"https:\/\/medicalineapharm.rs\/sr\/?lang=sr"},{"@type":"ListItem","position":2,"name":"Vesti"}]},{"@type":"WebSite","@id":"https:\/\/medicalineapharm.rs\/sr\/#website","url":"https:\/\/medicalineapharm.rs\/sr\/","name":"Medica Linea Pharm","description":"Belgrade","publisher":{"@id":"https:\/\/medicalineapharm.rs\/sr\/#organization"},"potentialAction":[{"@type":"SearchAction","target":{"@type":"EntryPoint","urlTemplate":"https:\/\/medicalineapharm.rs\/sr\/?s={search_term_string}"},"query-input":{"@type":"PropertyValueSpecification","valueRequired":true,"valueName":"search_term_string"}}],"inLanguage":"sr-RS"},{"@type":"Organization","@id":"https:\/\/medicalineapharm.rs\/sr\/#organization","name":"Medica Linea Pharm","url":"https:\/\/medicalineapharm.rs\/sr\/","logo":{"@type":"ImageObject","inLanguage":"sr-RS","@id":"https:\/\/medicalineapharm.rs\/sr\/#\/schema\/logo\/image\/","url":"https:\/\/medicalineapharm.rs\/wp-content\/uploads\/2024\/08\/ML_LOGO.png","contentUrl":"https:\/\/medicalineapharm.rs\/wp-content\/uploads\/2024\/08\/ML_LOGO.png","width":255,"height":66,"caption":"Medica Linea Pharm"},"image":{"@id":"https:\/\/medicalineapharm.rs\/sr\/#\/schema\/logo\/image\/"}}]}},"_links":{"self":[{"href":"https:\/\/medicalineapharm.rs\/sr\/wp-json\/wp\/v2\/pages\/11379","targetHints":{"allow":["GET"]}}],"collection":[{"href":"https:\/\/medicalineapharm.rs\/sr\/wp-json\/wp\/v2\/pages"}],"about":[{"href":"https:\/\/medicalineapharm.rs\/sr\/wp-json\/wp\/v2\/types\/page"}],"author":[{"embeddable":true,"href":"https:\/\/medicalineapharm.rs\/sr\/wp-json\/wp\/v2\/users\/4"}],"replies":[{"embeddable":true,"href":"https:\/\/medicalineapharm.rs\/sr\/wp-json\/wp\/v2\/comments?post=11379"}],"version-history":[{"count":3,"href":"https:\/\/medicalineapharm.rs\/sr\/wp-json\/wp\/v2\/pages\/11379\/revisions"}],"predecessor-version":[{"id":11575,"href":"https:\/\/medicalineapharm.rs\/sr\/wp-json\/wp\/v2\/pages\/11379\/revisions\/11575"}],"wp:attachment":[{"href":"https:\/\/medicalineapharm.rs\/sr\/wp-json\/wp\/v2\/media?parent=11379"}],"curies":[{"name":"wp","href":"https:\/\/api.w.org\/{rel}","templated":true}]}}